{"id":2232,"date":"2020-09-22T02:40:35","date_gmt":"2020-09-22T05:40:35","guid":{"rendered":"http:\/\/ppget.ifam.edu.br\/w_seta_novo\/?page_id=2232"},"modified":"2021-10-30T18:24:37","modified_gmt":"2021-10-30T20:24:37","slug":"oficinas2020","status":"publish","type":"page","link":"https:\/\/ppget.ifam.edu.br\/w_seta_novo\/index.php\/oficinas2020\/","title":{"rendered":"Oficinas"},"content":{"rendered":"\t\t<div data-elementor-type=\"wp-page\" data-elementor-id=\"2232\" class=\"elementor elementor-2232\">\n\t\t\t\t\t\t<section class=\"elementor-section elementor-top-section elementor-element elementor-element-573decf elementor-section-boxed elementor-section-height-default elementor-section-height-default\" data-id=\"573decf\" data-element_type=\"section\" data-e-type=\"section\">\n\t\t\t\t\t\t<div class=\"elementor-container elementor-column-gap-default\">\n\t\t\t\t\t<div class=\"elementor-column elementor-col-100 elementor-top-column elementor-element elementor-element-8d8dbf8\" data-id=\"8d8dbf8\" data-element_type=\"column\" data-e-type=\"column\">\n\t\t\t<div class=\"elementor-widget-wrap elementor-element-populated\">\n\t\t\t\t\t\t<div class=\"elementor-element elementor-element-b0fcc22 elementor-widget elementor-widget-heading\" data-id=\"b0fcc22\" data-element_type=\"widget\" data-e-type=\"widget\" data-widget_type=\"heading.default\">\n\t\t\t\t<div class=\"elementor-widget-container\">\n\t\t\t\t\t<h2 class=\"elementor-heading-title elementor-size-default\">OFICINAS SETA 2021<\/h2>\t\t\t\t<\/div>\n\t\t\t\t<\/div>\n\t\t\t\t\t<\/div>\n\t\t<\/div>\n\t\t\t\t\t<\/div>\n\t\t<\/section>\n\t\t\t\t<section class=\"elementor-section elementor-top-section elementor-element elementor-element-ff5536b elementor-section-boxed elementor-section-height-default elementor-section-height-default\" data-id=\"ff5536b\" data-element_type=\"section\" data-e-type=\"section\">\n\t\t\t\t\t\t<div class=\"elementor-container elementor-column-gap-default\">\n\t\t\t\t\t<div class=\"elementor-column elementor-col-100 elementor-top-column elementor-element elementor-element-3659360\" data-id=\"3659360\" data-element_type=\"column\" data-e-type=\"column\">\n\t\t\t<div class=\"elementor-widget-wrap elementor-element-populated\">\n\t\t\t\t\t\t<div class=\"elementor-element elementor-element-49fc718 elementor-widget elementor-widget-text-editor\" data-id=\"49fc718\" data-element_type=\"widget\" data-e-type=\"widget\" data-widget_type=\"text-editor.default\">\n\t\t\t\t<div class=\"elementor-widget-container\">\n\t\t\t\t\t\t\t\t\t<p>A seguir a rela\u00e7\u00e3o de oficinas confirmadas para o evento.<\/p><div id=\"c116\" class=\"freebirdAnalyticsViewChartContainer\" data-chart=\"1151439981\" data-fieldid=\"648286249\"><div class=\"freebirdCommonAnalyticsTextResponsesContainer\"><div class=\"freebirdCommonAnalyticsTextResponse\">\u00a0<\/div><\/div><\/div>\t\t\t\t\t\t\t\t<\/div>\n\t\t\t\t<\/div>\n\t\t\t\t\t<\/div>\n\t\t<\/div>\n\t\t\t\t\t<\/div>\n\t\t<\/section>\n\t\t\t\t<section class=\"elementor-section elementor-top-section elementor-element elementor-element-cf07c61 elementor-section-boxed elementor-section-height-default elementor-section-height-default\" data-id=\"cf07c61\" data-element_type=\"section\" data-e-type=\"section\">\n\t\t\t\t\t\t<div class=\"elementor-container elementor-column-gap-default\">\n\t\t\t\t\t<div class=\"elementor-column elementor-col-50 elementor-top-column elementor-element elementor-element-c76778a\" data-id=\"c76778a\" data-element_type=\"column\" data-e-type=\"column\">\n\t\t\t<div class=\"elementor-widget-wrap elementor-element-populated\">\n\t\t\t\t\t\t<div class=\"elementor-element elementor-element-0687d48 elementor-position-left elementor-vertical-align-top elementor-widget elementor-widget-image-box\" data-id=\"0687d48\" data-element_type=\"widget\" data-e-type=\"widget\" data-widget_type=\"image-box.default\">\n\t\t\t\t<div class=\"elementor-widget-container\">\n\t\t\t\t\t<div class=\"elementor-image-box-wrapper\"><figure class=\"elementor-image-box-img\"><img fetchpriority=\"high\" decoding=\"async\" width=\"634\" height=\"928\" src=\"https:\/\/ppget.ifam.edu.br\/w_seta_novo\/wp-content\/uploads\/2021\/10\/foto-iza-1-Maria-Iza\u00edra-Gil.jpeg\" class=\"attachment-full size-full wp-image-2759\" alt=\"\" srcset=\"https:\/\/ppget.ifam.edu.br\/w_seta_novo\/wp-content\/uploads\/2021\/10\/foto-iza-1-Maria-Iza\u00edra-Gil.jpeg 634w, https:\/\/ppget.ifam.edu.br\/w_seta_novo\/wp-content\/uploads\/2021\/10\/foto-iza-1-Maria-Iza\u00edra-Gil-205x300.jpeg 205w\" sizes=\"(max-width: 634px) 100vw, 634px\" \/><\/figure><div class=\"elementor-image-box-content\"><h3 class=\"elementor-image-box-title\">Di\u00e1logos formativos da mulher-professora<\/h3><p class=\"elementor-image-box-description\">Di\u00e1logos formativos da mulher-professora\n\nInstagran profissional: espa\u00e7o virtual para valoriza\u00e7\u00e3o de si.\n\nBoas pr\u00e1ticas para a constru\u00e7\u00e3o de slides\n\nProdu\u00e7\u00e3o de conte\u00fados educacionais digitais no formato de v\u00eddeoaula\n\nO perfil do professor do s\u00e9culo XXI - o paradoxo da cultura intergeracional no uso de tecnologias digitais da informa\u00e7\u00e3o e comunica\u00e7\u00e3o aplicadas ao contexto educacional \n<\/p><\/div><\/div>\t\t\t\t<\/div>\n\t\t\t\t<\/div>\n\t\t\t\t\t<\/div>\n\t\t<\/div>\n\t\t\t\t<div class=\"elementor-column elementor-col-50 elementor-top-column elementor-element elementor-element-5c5119a\" data-id=\"5c5119a\" data-element_type=\"column\" data-e-type=\"column\">\n\t\t\t<div class=\"elementor-widget-wrap elementor-element-populated\">\n\t\t\t\t\t\t<div class=\"elementor-element elementor-element-e0260ef elementor-position-left elementor-vertical-align-top elementor-widget elementor-widget-image-box\" data-id=\"e0260ef\" data-element_type=\"widget\" data-e-type=\"widget\" data-widget_type=\"image-box.default\">\n\t\t\t\t<div class=\"elementor-widget-container\">\n\t\t\t\t\t<div class=\"elementor-image-box-wrapper\"><figure class=\"elementor-image-box-img\"><img decoding=\"async\" width=\"1080\" height=\"1080\" src=\"https:\/\/ppget.ifam.edu.br\/w_seta_novo\/wp-content\/uploads\/2021\/10\/WhatsApp-Image-2021-07-29-at-20.51.30-Logistica-SETA.jpeg\" class=\"attachment-full size-full wp-image-2761\" alt=\"\" srcset=\"https:\/\/ppget.ifam.edu.br\/w_seta_novo\/wp-content\/uploads\/2021\/10\/WhatsApp-Image-2021-07-29-at-20.51.30-Logistica-SETA.jpeg 1080w, https:\/\/ppget.ifam.edu.br\/w_seta_novo\/wp-content\/uploads\/2021\/10\/WhatsApp-Image-2021-07-29-at-20.51.30-Logistica-SETA-300x300.jpeg 300w, https:\/\/ppget.ifam.edu.br\/w_seta_novo\/wp-content\/uploads\/2021\/10\/WhatsApp-Image-2021-07-29-at-20.51.30-Logistica-SETA-1024x1024.jpeg 1024w, https:\/\/ppget.ifam.edu.br\/w_seta_novo\/wp-content\/uploads\/2021\/10\/WhatsApp-Image-2021-07-29-at-20.51.30-Logistica-SETA-150x150.jpeg 150w, https:\/\/ppget.ifam.edu.br\/w_seta_novo\/wp-content\/uploads\/2021\/10\/WhatsApp-Image-2021-07-29-at-20.51.30-Logistica-SETA-768x768.jpeg 768w\" sizes=\"(max-width: 1080px) 100vw, 1080px\" \/><\/figure><div class=\"elementor-image-box-content\"><h3 class=\"elementor-image-box-title\">Instagram profissional: espa\u00e7o virtual para valoriza\u00e7\u00e3o de si.<\/h3><p class=\"elementor-image-box-description\">A oficina abordar\u00e1 os conceitos de cultura escolar, cultura material escolar, patrim\u00f4nio cultural, e mem\u00f3ria para compreender para promover a reflex\u00e3o de como a cultura escolar colabora na constitui\u00e7\u00e3o da sua forma\u00e7\u00e3o docente<\/p><\/div><\/div>\t\t\t\t<\/div>\n\t\t\t\t<\/div>\n\t\t\t\t\t<\/div>\n\t\t<\/div>\n\t\t\t\t\t<\/div>\n\t\t<\/section>\n\t\t\t\t<section class=\"elementor-section elementor-top-section elementor-element elementor-element-21482c1 elementor-section-boxed elementor-section-height-default elementor-section-height-default\" data-id=\"21482c1\" data-element_type=\"section\" data-e-type=\"section\">\n\t\t\t\t\t\t<div class=\"elementor-container elementor-column-gap-default\">\n\t\t\t\t\t<div class=\"elementor-column elementor-col-50 elementor-top-column elementor-element elementor-element-16447af\" data-id=\"16447af\" data-element_type=\"column\" data-e-type=\"column\">\n\t\t\t<div class=\"elementor-widget-wrap elementor-element-populated\">\n\t\t\t\t\t\t<div class=\"elementor-element elementor-element-31ab667 elementor-position-left elementor-vertical-align-top elementor-widget elementor-widget-image-box\" data-id=\"31ab667\" data-element_type=\"widget\" data-e-type=\"widget\" data-widget_type=\"image-box.default\">\n\t\t\t\t<div class=\"elementor-widget-container\">\n\t\t\t\t\t<div class=\"elementor-image-box-wrapper\"><figure class=\"elementor-image-box-img\"><img decoding=\"async\" width=\"1299\" height=\"1775\" src=\"https:\/\/ppget.ifam.edu.br\/w_seta_novo\/wp-content\/uploads\/2021\/10\/foto-ulisses-1-Ulisses-Silva.jpg\" class=\"attachment-full size-full wp-image-2763\" alt=\"\" srcset=\"https:\/\/ppget.ifam.edu.br\/w_seta_novo\/wp-content\/uploads\/2021\/10\/foto-ulisses-1-Ulisses-Silva.jpg 1299w, https:\/\/ppget.ifam.edu.br\/w_seta_novo\/wp-content\/uploads\/2021\/10\/foto-ulisses-1-Ulisses-Silva-220x300.jpg 220w, https:\/\/ppget.ifam.edu.br\/w_seta_novo\/wp-content\/uploads\/2021\/10\/foto-ulisses-1-Ulisses-Silva-749x1024.jpg 749w, https:\/\/ppget.ifam.edu.br\/w_seta_novo\/wp-content\/uploads\/2021\/10\/foto-ulisses-1-Ulisses-Silva-768x1049.jpg 768w, https:\/\/ppget.ifam.edu.br\/w_seta_novo\/wp-content\/uploads\/2021\/10\/foto-ulisses-1-Ulisses-Silva-1124x1536.jpg 1124w\" sizes=\"(max-width: 1299px) 100vw, 1299px\" \/><\/figure><div class=\"elementor-image-box-content\"><h3 class=\"elementor-image-box-title\">Boas pr\u00e1ticas para a constru\u00e7\u00e3o de slides<\/h3><p class=\"elementor-image-box-description\">No contexto da utiliza\u00e7\u00e3o dos meios digitais como plataforma de suporte para o ensino, apresenta\u00e7\u00f5es com slides online ou atrav\u00e9s de projetores em sala de aula est\u00e3o cada vez mais presentes.\nAlgumas pr\u00e1ticas do design podem auxiliar o professor na constru\u00e7\u00e3o de bons slides<\/p><\/div><\/div>\t\t\t\t<\/div>\n\t\t\t\t<\/div>\n\t\t\t\t\t<\/div>\n\t\t<\/div>\n\t\t\t\t<div class=\"elementor-column elementor-col-50 elementor-top-column elementor-element elementor-element-bb00cc1\" data-id=\"bb00cc1\" data-element_type=\"column\" data-e-type=\"column\">\n\t\t\t<div class=\"elementor-widget-wrap elementor-element-populated\">\n\t\t\t\t\t\t<div class=\"elementor-element elementor-element-c9067d9 elementor-position-left elementor-vertical-align-top elementor-widget elementor-widget-image-box\" data-id=\"c9067d9\" data-element_type=\"widget\" data-e-type=\"widget\" data-widget_type=\"image-box.default\">\n\t\t\t\t<div class=\"elementor-widget-container\">\n\t\t\t\t\t<div class=\"elementor-image-box-wrapper\"><figure class=\"elementor-image-box-img\"><img loading=\"lazy\" decoding=\"async\" width=\"800\" height=\"800\" src=\"https:\/\/ppget.ifam.edu.br\/w_seta_novo\/wp-content\/uploads\/2021\/10\/foto-perfil-800X800-Dennys-Teles.png\" class=\"attachment-full size-full wp-image-2764\" alt=\"\" srcset=\"https:\/\/ppget.ifam.edu.br\/w_seta_novo\/wp-content\/uploads\/2021\/10\/foto-perfil-800X800-Dennys-Teles.png 800w, https:\/\/ppget.ifam.edu.br\/w_seta_novo\/wp-content\/uploads\/2021\/10\/foto-perfil-800X800-Dennys-Teles-300x300.png 300w, https:\/\/ppget.ifam.edu.br\/w_seta_novo\/wp-content\/uploads\/2021\/10\/foto-perfil-800X800-Dennys-Teles-150x150.png 150w, https:\/\/ppget.ifam.edu.br\/w_seta_novo\/wp-content\/uploads\/2021\/10\/foto-perfil-800X800-Dennys-Teles-768x768.png 768w\" sizes=\"(max-width: 800px) 100vw, 800px\" \/><\/figure><div class=\"elementor-image-box-content\"><h3 class=\"elementor-image-box-title\">Produ\u00e7\u00e3o de conte\u00fados educacionais digitais no formato de v\u00eddeoaula<\/h3><p class=\"elementor-image-box-description\">A necessidade de aulas remotas devido ao isolamento social no contexto pand\u00eamico de Covid-19 fez com que muitos professores precisassem produzir conte\u00fados educacionais multim\u00eddias para auxiliar a aprendizagem dos alunos.<\/p><\/div><\/div>\t\t\t\t<\/div>\n\t\t\t\t<\/div>\n\t\t\t\t\t<\/div>\n\t\t<\/div>\n\t\t\t\t\t<\/div>\n\t\t<\/section>\n\t\t\t\t<section class=\"elementor-section elementor-top-section elementor-element elementor-element-516504b elementor-section-boxed elementor-section-height-default elementor-section-height-default\" data-id=\"516504b\" data-element_type=\"section\" data-e-type=\"section\">\n\t\t\t\t\t\t<div class=\"elementor-container elementor-column-gap-default\">\n\t\t\t\t\t<div class=\"elementor-column elementor-col-50 elementor-top-column elementor-element elementor-element-65995d7\" data-id=\"65995d7\" data-element_type=\"column\" data-e-type=\"column\">\n\t\t\t<div class=\"elementor-widget-wrap elementor-element-populated\">\n\t\t\t\t\t\t<div class=\"elementor-element elementor-element-ca658a6 elementor-position-left elementor-vertical-align-top elementor-widget elementor-widget-image-box\" data-id=\"ca658a6\" data-element_type=\"widget\" data-e-type=\"widget\" data-widget_type=\"image-box.default\">\n\t\t\t\t<div class=\"elementor-widget-container\">\n\t\t\t\t\t<div class=\"elementor-image-box-wrapper\"><figure class=\"elementor-image-box-img\"><img loading=\"lazy\" decoding=\"async\" width=\"1024\" height=\"1005\" src=\"https:\/\/ppget.ifam.edu.br\/w_seta_novo\/wp-content\/uploads\/2021\/10\/thess-Thessyvanda-Torres.jpeg\" class=\"attachment-full size-full wp-image-2765\" alt=\"\" srcset=\"https:\/\/ppget.ifam.edu.br\/w_seta_novo\/wp-content\/uploads\/2021\/10\/thess-Thessyvanda-Torres.jpeg 1024w, https:\/\/ppget.ifam.edu.br\/w_seta_novo\/wp-content\/uploads\/2021\/10\/thess-Thessyvanda-Torres-300x294.jpeg 300w, https:\/\/ppget.ifam.edu.br\/w_seta_novo\/wp-content\/uploads\/2021\/10\/thess-Thessyvanda-Torres-768x754.jpeg 768w\" sizes=\"(max-width: 1024px) 100vw, 1024px\" \/><\/figure><div class=\"elementor-image-box-content\"><h3 class=\"elementor-image-box-title\">O perfil do professor do s\u00e9culo XXI - o paradoxo da cultura intergeracional no uso de tecnologias digitais da informa\u00e7\u00e3o e comunica\u00e7\u00e3o aplicadas ao contexto educacional <\/h3><p class=\"elementor-image-box-description\">Com o advento das TDICS no \u00e2mbito da educa\u00e7\u00e3o, a escola necessita reinventar-se para ser uma escola que ensina\/aprende\/avalia de novas maneiras, por novos caminhos, em diferentes formatos e de forma cont\u00ednua. Para tanto se faz necess\u00e1rio discutir, qual \u00e9 o perfil do professor do s\u00e9culo XXI<\/p><\/div><\/div>\t\t\t\t<\/div>\n\t\t\t\t<\/div>\n\t\t\t\t\t<\/div>\n\t\t<\/div>\n\t\t\t\t<div class=\"elementor-column elementor-col-50 elementor-top-column elementor-element elementor-element-7073672\" data-id=\"7073672\" data-element_type=\"column\" data-e-type=\"column\">\n\t\t\t<div class=\"elementor-widget-wrap elementor-element-populated\">\n\t\t\t\t\t\t<div class=\"elementor-element elementor-element-435dc61 elementor-view-stacked elementor-shape-square elementor-widget elementor-widget-icon\" data-id=\"435dc61\" data-element_type=\"widget\" data-e-type=\"widget\" data-widget_type=\"icon.default\">\n\t\t\t\t<div class=\"elementor-widget-container\">\n\t\t\t\t\t\t\t<div class=\"elementor-icon-wrapper\">\n\t\t\t<a class=\"elementor-icon\" href=\"http:\/\/Mais%20oficinas%20em%20breve\">\n\t\t\t<i aria-hidden=\"true\" class=\"fas fa-charging-station\"><\/i>\t\t\t<\/a>\n\t\t<\/div>\n\t\t\t\t\t\t<\/div>\n\t\t\t\t<\/div>\n\t\t\t\t<div class=\"elementor-element elementor-element-e9a5445 elementor-widget elementor-widget-text-editor\" data-id=\"e9a5445\" data-element_type=\"widget\" data-e-type=\"widget\" data-widget_type=\"text-editor.default\">\n\t\t\t\t<div class=\"elementor-widget-container\">\n\t\t\t\t\t\t\t\t\t<p style=\"text-align: center;\">Em breve, mais oficinas ser\u00e3o anunciadas.<\/p>\t\t\t\t\t\t\t\t<\/div>\n\t\t\t\t<\/div>\n\t\t\t\t\t<\/div>\n\t\t<\/div>\n\t\t\t\t\t<\/div>\n\t\t<\/section>\n\t\t\t\t<\/div>\n\t\t","protected":false},"excerpt":{"rendered":"<p>OFICINAS SETA 2021 A seguir a rela\u00e7\u00e3o de oficinas confirmadas para o evento. \u00a0 Di\u00e1logos formativos da mulher-professora Di\u00e1logos formativos da mulher-professora Instagran profissional: espa\u00e7o virtual para valoriza\u00e7\u00e3o de si. &#8230;<\/p>\n","protected":false},"author":4,"featured_media":0,"parent":0,"menu_order":0,"comment_status":"closed","ping_status":"closed","template":"","meta":{"_uag_custom_page_level_css":"","footnotes":""},"class_list":["post-2232","page","type-page","status-publish","hentry"],"uagb_featured_image_src":{"full":false,"thumbnail":false,"medium":false,"medium_large":false,"large":false,"1536x1536":false,"2048x2048":false,"onepress-blog-small":false,"onepress-small":false,"onepress-medium":false},"uagb_author_info":{"display_name":"Gilmara Maquine","author_link":"https:\/\/ppget.ifam.edu.br\/w_seta_novo\/index.php\/author\/gilmara\/"},"uagb_comment_info":0,"uagb_excerpt":"OFICINAS SETA 2021 A seguir a rela\u00e7\u00e3o de oficinas confirmadas para o evento. \u00a0 Di\u00e1logos formativos da mulher-professora Di\u00e1logos formativos da mulher-professora Instagran profissional: espa\u00e7o virtual para valoriza\u00e7\u00e3o de si. ...","_links":{"self":[{"href":"https:\/\/ppget.ifam.edu.br\/w_seta_novo\/index.php\/wp-json\/wp\/v2\/pages\/2232","targetHints":{"allow":["GET"]}}],"collection":[{"href":"https:\/\/ppget.ifam.edu.br\/w_seta_novo\/index.php\/wp-json\/wp\/v2\/pages"}],"about":[{"href":"https:\/\/ppget.ifam.edu.br\/w_seta_novo\/index.php\/wp-json\/wp\/v2\/types\/page"}],"author":[{"embeddable":true,"href":"https:\/\/ppget.ifam.edu.br\/w_seta_novo\/index.php\/wp-json\/wp\/v2\/users\/4"}],"replies":[{"embeddable":true,"href":"https:\/\/ppget.ifam.edu.br\/w_seta_novo\/index.php\/wp-json\/wp\/v2\/comments?post=2232"}],"version-history":[{"count":61,"href":"https:\/\/ppget.ifam.edu.br\/w_seta_novo\/index.php\/wp-json\/wp\/v2\/pages\/2232\/revisions"}],"predecessor-version":[{"id":2769,"href":"https:\/\/ppget.ifam.edu.br\/w_seta_novo\/index.php\/wp-json\/wp\/v2\/pages\/2232\/revisions\/2769"}],"wp:attachment":[{"href":"https:\/\/ppget.ifam.edu.br\/w_seta_novo\/index.php\/wp-json\/wp\/v2\/media?parent=2232"}],"curies":[{"name":"wp","href":"https:\/\/api.w.org\/{rel}","templated":true}]}}